{"id":620,"date":"2024-07-07T15:05:03","date_gmt":"2024-07-07T13:05:03","guid":{"rendered":"https:\/\/rubautarres.com\/aviso-legal\/"},"modified":"2025-02-06T15:22:48","modified_gmt":"2025-02-06T14:22:48","slug":"aviso-legal","status":"publish","type":"page","link":"https:\/\/rubautarres.com\/es\/aviso-legal\/","title":{"rendered":"Aviso legal"},"content":{"rendered":"<p>[et_pb_section fb_built=\u00bb1&#8243; _builder_version=\u00bb4.25.2&#8243; _module_preset=\u00bbdefault\u00bb global_colors_info=\u00bb{}\u00bb][et_pb_row column_structure=\u00bb3_4,1_4&#8243; _builder_version=\u00bb4.25.2&#8243; _module_preset=\u00bbdefault\u00bb custom_margin=\u00bb3em||||false|false\u00bb global_colors_info=\u00bb{}\u00bb][et_pb_column type=\u00bb3_4&#8243; _builder_version=\u00bb4.25.2&#8243; _module_preset=\u00bbdefault\u00bb global_colors_info=\u00bb{}\u00bb][et_pb_text _builder_version=\u00bb4.25.2&#8243; _module_preset=\u00bbdefault\u00bb text_font_size=\u00bb18px\u00bb header_3_font_size=\u00bb35px\u00bb custom_margin=\u00bb||20px||false|false\u00bb global_colors_info=\u00bb{}\u00bb]<\/p>\n<h1>Aviso legal<\/h1>\n<p>[\/et_pb_text][et_pb_text _builder_version=\u00bb4.25.2&#8243; _module_preset=\u00bbdefault\u00bb text_font_size=\u00bb18px\u00bb header_3_font_size=\u00bb35px\u00bb custom_margin=\u00bb||20px||false|false\u00bb global_colors_info=\u00bb{}\u00bb]<\/p>\n<h3><strong>Ley aplicable y jurisdicci\u00f3n<\/strong><\/h3>\n<p>[\/et_pb_text][et_pb_text _builder_version=\u00bb4.25.2&#8243; _module_preset=\u00bbdefault\u00bb text_font_size=\u00bb18px\u00bb header_3_font_size=\u00bb35px\u00bb custom_margin=\u00bb||20px||false|false\u00bb global_colors_info=\u00bb{}\u00bb]<\/p>\n<p style=\"text-align: justify;\">Las presentes condiciones generales se rigen por la Legislaci\u00f3n Espa\u00f1ola vigente, siendo competentes los Juzgados y Tribunales espa\u00f1oles para conocer de cuantas cuestiones se susciten sobre la interpretaci\u00f3n, aplicaci\u00f3n y cumplimiento de las mismas, as\u00ed como de las reclamaciones que puedan derivarse de su uso.<\/p>\n<p>[\/et_pb_text][et_pb_text _builder_version=\u00bb4.25.2&#8243; _module_preset=\u00bbdefault\u00bb text_font_size=\u00bb18px\u00bb header_3_font_size=\u00bb35px\u00bb custom_margin=\u00bb||20px||false|false\u00bb global_colors_info=\u00bb{}\u00bb]<\/p>\n<p style=\"text-align: justify;\">Las partes que intervienen renuncian expresamente a la jurisdicci\u00f3n que les puede corresponder y se someten expresamente a los Juzgados y Tribunales de Sabadell para resolver cualquier controversia que pueda surgir en la interpretaci\u00f3n ejecuci\u00f3n de las presentes condiciones contractuales.<\/p>\n<p>[\/et_pb_text][et_pb_text _builder_version=\u00bb4.25.2&#8243; _module_preset=\u00bbdefault\u00bb text_font_size=\u00bb18px\u00bb header_3_font_size=\u00bb35px\u00bb custom_margin=\u00bb||20px||false|false\u00bb global_colors_info=\u00bb{}\u00bb]<\/p>\n<p style=\"text-align: justify;\">El usuario, en virtud de su aceptaci\u00f3n a las condiciones generales recogidas en este Aviso Legal, renuncia expresamente a cualquier fuero que, por aplicaci\u00f3n de la Ley de <em>Enjuiciamiento Civil<\/em> vigente le corresponda.<\/p>\n<p>[\/et_pb_text][et_pb_text _builder_version=\u00bb4.25.2&#8243; _module_preset=\u00bbdefault\u00bb text_font_size=\u00bb18px\u00bb header_3_font_size=\u00bb35px\u00bb custom_margin=\u00bb||20px||false|false\u00bb global_colors_info=\u00bb{}\u00bb]<\/p>\n<h3 style=\"text-align: justify;\"><strong>Datos identificativos de la titularidad del sitio web<\/strong><\/h3>\n<p>[\/et_pb_text][et_pb_text _builder_version=\u00bb4.25.2&#8243; _module_preset=\u00bbdefault\u00bb text_font_size=\u00bb18px\u00bb header_3_font_size=\u00bb35px\u00bb custom_margin=\u00bb||20px||false|false\u00bb global_colors_info=\u00bb{}\u00bb]<\/p>\n<p style=\"text-align: justify;\">En cumplimiento del deber de informaci\u00f3n legal estipulado en la <em>Ley de Servicios de la Sociedad de la Informaci\u00f3n y de Comercio Electr\u00f3nico<\/em> (LSSII) y de acuerdo con las obligaciones previstas en la Ley 34\/2002, de <em>Servicios de la Sociedad de la Informaci\u00f3n y de Comercio Electr\u00f3nico<\/em> (en adelante LSSI), manifiesta los siguientes datos identificativos:<\/p>\n<p>[\/et_pb_text][et_pb_text _builder_version=\u00bb4.25.2&#8243; _module_preset=\u00bbdefault\u00bb text_font_size=\u00bb18px\u00bb header_3_font_size=\u00bb35px\u00bb custom_margin=\u00bb||20px||false|false\u00bb global_colors_info=\u00bb{}\u00bb]<\/p>\n<p>Propiedad: RUBAU TARR\u00c9S S.A.U.<br \/>CIF: A-17018813<br \/>Direcci\u00f3n postal: Ctra. C-31 de Torroella de Montgr\u00ed a Verges, pk. 354,5 (Canet de La Tallada) &#8211; 17134 &#8211; LA TALLADA D\u2019EMPORD\u00c0.<br \/>Direcci\u00f3n electr\u00f3nica: info@rubautarres.com<br \/>Dominio web: www.rubautarres.com<br \/>Redes sociales: Instagram<\/p>\n<p>[\/et_pb_text][et_pb_text _builder_version=\u00bb4.25.2&#8243; _module_preset=\u00bbdefault\u00bb text_font_size=\u00bb18px\u00bb header_3_font_size=\u00bb35px\u00bb custom_margin=\u00bb||20px||false|false\u00bb global_colors_info=\u00bb{}\u00bb]<\/p>\n<h3><strong>Objeto del Aviso Legal<\/strong><\/h3>\n<p>[\/et_pb_text][et_pb_text _builder_version=\u00bb4.25.2&#8243; _module_preset=\u00bbdefault\u00bb text_font_size=\u00bb18px\u00bb header_3_font_size=\u00bb35px\u00bb custom_margin=\u00bb||20px||false|false\u00bb global_colors_info=\u00bb{}\u00bb]<\/p>\n<p style=\"text-align: justify;\">La informaci\u00f3n presente en este Aviso Legal regula el acceso y utilizaci\u00f3n del sitio web que RUBAU TARR\u00c9S S.A.U. pone a disposici\u00f3n de los usuarios de Internet.<\/p>\n<p>[\/et_pb_text][et_pb_text _builder_version=\u00bb4.25.2&#8243; _module_preset=\u00bbdefault\u00bb text_font_size=\u00bb18px\u00bb header_3_font_size=\u00bb35px\u00bb custom_margin=\u00bb||20px||false|false\u00bb global_colors_info=\u00bb{}\u00bb]<\/p>\n<p style=\"text-align: justify;\">Se considera usuario a la persona que accede, navega, utilice o participe de los servicios y actividades de la p\u00e1gina web.<\/p>\n<p>[\/et_pb_text][et_pb_text _builder_version=\u00bb4.25.2&#8243; _module_preset=\u00bbdefault\u00bb text_font_size=\u00bb18px\u00bb header_3_font_size=\u00bb35px\u00bb custom_margin=\u00bb||20px||false|false\u00bb global_colors_info=\u00bb{}\u00bb]<\/p>\n<p style=\"text-align: justify;\">De esta manera este documento comunica la informaci\u00f3n que conforma y regula las condiciones de uso de esta p\u00e1gina, las limitaciones de responsabilidad y las obligaciones que los usuarios del sitio web que se publica bajo el dominio www.rubautarres.com, asumen y se comprometen a respetar.<\/p>\n<p>[\/et_pb_text][et_pb_text _builder_version=\u00bb4.25.2&#8243; _module_preset=\u00bbdefault\u00bb text_font_size=\u00bb18px\u00bb header_3_font_size=\u00bb35px\u00bb custom_margin=\u00bb||20px||false|false\u00bb global_colors_info=\u00bb{}\u00bb]<\/p>\n<p style=\"text-align: justify;\">El usuario queda as\u00ed informado y acepta que el acceso a la presente web no supone, en ning\u00fan caso, el inicio de una relaci\u00f3n comercial con RUBAU TARR\u00c9S S.A.U.<\/p>\n<p>[\/et_pb_text][et_pb_text _builder_version=\u00bb4.25.2&#8243; _module_preset=\u00bbdefault\u00bb text_font_size=\u00bb18px\u00bb header_3_font_size=\u00bb35px\u00bb custom_margin=\u00bb||20px||false|false\u00bb global_colors_info=\u00bb{}\u00bb]<\/p>\n<p style=\"text-align: justify;\">El acceso y navegaci\u00f3n del presente espacio web por parte del usuario supone la aceptaci\u00f3n de la totalidad de las presentes condiciones de uso. En caso de desacuerdo con las condiciones el usuario debe abstenerse a utilizar el dominio www.rubautarres.com.<\/p>\n<p>[\/et_pb_text][et_pb_text _builder_version=\u00bb4.25.2&#8243; _module_preset=\u00bbdefault\u00bb text_font_size=\u00bb18px\u00bb header_3_font_size=\u00bb35px\u00bb custom_margin=\u00bb||20px||false|false\u00bb global_colors_info=\u00bb{}\u00bb]<\/p>\n<h3><strong>Condiciones de uso<\/strong><\/h3>\n<p>[\/et_pb_text][et_pb_text _builder_version=\u00bb4.25.2&#8243; _module_preset=\u00bbdefault\u00bb text_font_size=\u00bb18px\u00bb header_3_font_size=\u00bb35px\u00bb custom_margin=\u00bb||20px||false|false\u00bb global_colors_info=\u00bb{}\u00bb]<\/p>\n<p style=\"text-align: justify;\">La utilizaci\u00f3n de www.rubautarres.com otorga la condici\u00f3n de usuario de este sitio web, sea persona f\u00edsica o jur\u00eddica y obligatoriamente implica la aceptaci\u00f3n completa, plena y sin reservas de todas y cada una de las cl\u00e1usulas y condiciones generales incluidas en el presente Aviso Legal.<\/p>\n<p>[\/et_pb_text][et_pb_text _builder_version=\u00bb4.25.2&#8243; _module_preset=\u00bbdefault\u00bb text_font_size=\u00bb18px\u00bb header_3_font_size=\u00bb35px\u00bb custom_margin=\u00bb||20px||false|false\u00bb global_colors_info=\u00bb{}\u00bb]<\/p>\n<p style=\"text-align: justify;\">Si el usuario no estuviera conforme con ellas, se abstendr\u00e1 de utilizar www.rubautarres.com. Este Aviso Legal est\u00e1 sujeto a cambios y actualizaciones. Por ello la versi\u00f3n publicada por RUBAU TARR\u00c9S S.A.U. puede ser diferente en cada momento en que el usuario acceda al portal. Por lo tanto, el usuario debe leer el Aviso Legal en todas y cada una de las ocasiones que acceda a www.rubautarres.com.<\/p>\n<p>[\/et_pb_text][et_pb_text _builder_version=\u00bb4.25.2&#8243; _module_preset=\u00bbdefault\u00bb text_font_size=\u00bb18px\u00bb header_3_font_size=\u00bb35px\u00bb custom_margin=\u00bb||20px||false|false\u00bb global_colors_info=\u00bb{}\u00bb]<\/p>\n<p style=\"text-align: justify;\">El usuario est\u00e1 obligado y se compromete a utilizar www.rubautarres.com y los contenidos, conforme a la legislaci\u00f3n vigente, el Aviso Legal y cualquier otro aviso o instrucci\u00f3n que se pongan en conocimiento, ya sea por medio de este mismo Aviso Legal o en cualquier lugar de los contenidos que conforman www.rubautarres.com, como son las normas de convivencia, la moral y las buenas costumbres generalmente aceptadas.<\/p>\n<p>[\/et_pb_text][et_pb_text _builder_version=\u00bb4.25.2&#8243; _module_preset=\u00bbdefault\u00bb text_font_size=\u00bb18px\u00bb header_3_font_size=\u00bb35px\u00bb custom_margin=\u00bb||20px||false|false\u00bb global_colors_info=\u00bb{}\u00bb]<\/p>\n<p style=\"text-align: justify;\">En estos t\u00e9rminos, el usuario se obliga y compromete a no emplear cualquiera de los contenidos con fines y efectos il\u00edcitos, prohibidos en el Aviso Legal o por la legislaci\u00f3n vigente, contrario a los derechos e intereses de terceros o que de cualquier manera puedan hacer da\u00f1o, inutilizar, sobrecargar, deteriorar o impedir el normal uso de los contenidos, equipos inform\u00e1ticos o documentos, archivos y toda clase de contenidos almacenados en cualquier equipo inform\u00e1tico propio o contratados por RUBAU TARR\u00c9S S.A.U., de otro usuario o de cualquier usuario de Internet, ya en el soporte f\u00edsico (hardware) como en sus aplicaciones (software).<\/p>\n<p>[\/et_pb_text][et_pb_text _builder_version=\u00bb4.25.2&#8243; _module_preset=\u00bbdefault\u00bb text_font_size=\u00bb18px\u00bb header_3_font_size=\u00bb35px\u00bb custom_margin=\u00bb||20px||false|false\u00bb global_colors_info=\u00bb{}\u00bb]<\/p>\n<p style=\"text-align: justify;\">As\u00ed pues, RUBAU TARR\u00c9S S.A.U. no puede asumir ninguna responsabilidad derivada del uso incorrecto, inadecuado o il\u00edcito de la informaci\u00f3n aparecida en sus p\u00e1ginas de Internet o presencia online en las diversas redes sociales.<\/p>\n<p>[\/et_pb_text][et_pb_text _builder_version=\u00bb4.25.2&#8243; _module_preset=\u00bbdefault\u00bb text_font_size=\u00bb18px\u00bb header_3_font_size=\u00bb35px\u00bb custom_margin=\u00bb||20px||false|false\u00bb global_colors_info=\u00bb{}\u00bb]<\/p>\n<p style=\"text-align: justify;\">Con los l\u00edmites establecidos en la ley, RUBAU TARR\u00c9S S.A.U. no asume ninguna responsabilidad derivada de la falta de veracidad, integridad, actualizaci\u00f3n y precisi\u00f3n de los datos o informaciones que se contienen en sus medios online.<\/p>\n<p>[\/et_pb_text][et_pb_text _builder_version=\u00bb4.25.2&#8243; _module_preset=\u00bbdefault\u00bb text_font_size=\u00bb18px\u00bb header_3_font_size=\u00bb35px\u00bb custom_margin=\u00bb||20px||false|false\u00bb global_colors_info=\u00bb{}\u00bb]<\/p>\n<p style=\"text-align: justify;\">Los contenidos e informaci\u00f3n de las p\u00e1ginas de Internet y redes sociales de RUBAU TARR\u00c9S S.A.U. est\u00e1n elaboradas por proveedores de RUBAU TARR\u00c9S S.A.U. debidamente calificados para el ejercicio de su profesi\u00f3n. No obstante, los contenidos e informaci\u00f3n no vinculan a RUBAU TARR\u00c9S S.A.U. ni constituyen opiniones, consejos o asesoramiento legal de ninguna clase dado que se trata meramente de un servicio ofrecido con car\u00e1cter informativo.<\/p>\n<p>[\/et_pb_text][et_pb_text _builder_version=\u00bb4.25.2&#8243; _module_preset=\u00bbdefault\u00bb text_font_size=\u00bb18px\u00bb header_3_font_size=\u00bb35px\u00bb custom_margin=\u00bb||20px||false|false\u00bb global_colors_info=\u00bb{}\u00bb]<\/p>\n<h3><strong>Enlaces (links)<\/strong><\/h3>\n<p>[\/et_pb_text][et_pb_text _builder_version=\u00bb4.25.2&#8243; _module_preset=\u00bbdefault\u00bb text_font_size=\u00bb18px\u00bb header_3_font_size=\u00bb35px\u00bb custom_margin=\u00bb||20px||false|false\u00bb global_colors_info=\u00bb{}\u00bb]<\/p>\n<p style=\"text-align: justify;\">Las p\u00e1ginas de Internet o redes sociales de RUBAU TARR\u00c9S S.A.U. pueden contener enlaces (links) a otras p\u00e1ginas de terceras partes. Su presencia es meramente informativa y en ning\u00fan caso supone sugerencia, o invitaci\u00f3n sobre los mismos.<\/p>\n<p>[\/et_pb_text][et_pb_text _builder_version=\u00bb4.25.2&#8243; _module_preset=\u00bbdefault\u00bb text_font_size=\u00bb18px\u00bb header_3_font_size=\u00bb35px\u00bb custom_margin=\u00bb||20px||false|false\u00bb global_colors_info=\u00bb{}\u00bb]<\/p>\n<p style=\"text-align: justify;\">RUBAU TARR\u00c9S S.A.U. no puede asumir responsabilidades por el contenido que pueda aparecer en p\u00e1ginas de terceros, por lo tanto, no asume responsabilidad por los contenidos de los enlaces de un espacio web ajeno, tampoco se garantiza la fiabilidad, exactitud, amplitud, veracidad, validez y disponibilidad t\u00e9cnica.<\/p>\n<p>[\/et_pb_text][et_pb_text _builder_version=\u00bb4.25.2&#8243; _module_preset=\u00bbdefault\u00bb text_font_size=\u00bb18px\u00bb header_3_font_size=\u00bb35px\u00bb custom_margin=\u00bb||20px||false|false\u00bb global_colors_info=\u00bb{}\u00bb]<\/p>\n<p style=\"text-align: justify;\">Si se diera el caso de que otros espacios web establecieran enlaces a la p\u00e1gina web de RUBAU TARR\u00c9S S.A.U., no se entender\u00e1 que RUBAU TARR\u00c9S S.A.U. haya autorizado el enlace o contenido del espacio web que conduce al enlace, tampoco se pueden incluir en la p\u00e1gina del enlace contenidos inapropiados, difamatorios, ilegales, obscenos o il\u00edcitos, ni otros contenidos contrarios a la legalidad vigente.<\/p>\n<p>[\/et_pb_text][et_pb_text _builder_version=\u00bb4.25.2&#8243; _module_preset=\u00bbdefault\u00bb text_font_size=\u00bb18px\u00bb header_3_font_size=\u00bb35px\u00bb custom_margin=\u00bb||20px||false|false\u00bb global_colors_info=\u00bb{}\u00bb]<\/p>\n<p style=\"text-align: justify;\">RUBAU TARR\u00c9S S.A.U. se reserva la posibilidad de contactar con el propietario del sitio web donde se establece el enlace si considera que se incumple la normativa legal, puede en consecuencia, ejercer las correspondientes acciones judiciales y extrajudiciales.<\/p>\n<p>[\/et_pb_text][et_pb_text _builder_version=\u00bb4.25.2&#8243; _module_preset=\u00bbdefault\u00bb text_font_size=\u00bb18px\u00bb header_3_font_size=\u00bb35px\u00bb custom_margin=\u00bb||20px||false|false\u00bb global_colors_info=\u00bb{}\u00bb]<\/p>\n<p style=\"text-align: justify;\">Los textos, im\u00e1genes, sonidos, animaciones, software y el resto de los contenidos incluidos en este sitio web son propiedad exclusiva de RUBAU TARR\u00c9S S.A.U. o sus licenciantes.<\/p>\n<p>[\/et_pb_text][et_pb_text _builder_version=\u00bb4.25.2&#8243; _module_preset=\u00bbdefault\u00bb text_font_size=\u00bb18px\u00bb header_3_font_size=\u00bb35px\u00bb custom_margin=\u00bb||20px||false|false\u00bb global_colors_info=\u00bb{}\u00bb]<\/p>\n<h3><strong>Redes sociales<\/strong><\/h3>\n<p>[\/et_pb_text][et_pb_text _builder_version=\u00bb4.25.2&#8243; _module_preset=\u00bbdefault\u00bb text_font_size=\u00bb18px\u00bb header_3_font_size=\u00bb35px\u00bb custom_margin=\u00bb||20px||false|false\u00bb global_colors_info=\u00bb{}\u00bb]<\/p>\n<p style=\"text-align: justify;\">El usuario deber\u00e1 disponga de su perfil en estas redes sociales para poder interactuar con de RUBAU TARR\u00c9S S.A.U. y as\u00ed acepte la relaci\u00f3n. Si as\u00ed se realiza, RUBAU TARR\u00c9S S.A.U. tendr\u00e1 acceso al perfil del usuario de acuerdo con los par\u00e1metros estipulados por la misma red social y podr\u00e1 interactuar con \u00e9l con el env\u00edo de mensajes y publicaciones.<\/p>\n<p>[\/et_pb_text][et_pb_text _builder_version=\u00bb4.25.2&#8243; _module_preset=\u00bbdefault\u00bb text_font_size=\u00bb18px\u00bb header_3_font_size=\u00bb35px\u00bb custom_margin=\u00bb||20px||false|false\u00bb global_colors_info=\u00bb{}\u00bb]<\/p>\n<p style=\"text-align: justify;\">Si el usuario no desea que RUBAU TARR\u00c9S S.A.U. pueda acceder a su perfil o interrelacionar con \u00e9l ser\u00e1 necesario que se desvincule del perfil dejando de seguir o eliminar como amistad, seguidor o usuario.<\/p>\n<p>[\/et_pb_text][et_pb_text _builder_version=\u00bb4.25.2&#8243; _module_preset=\u00bbdefault\u00bb text_font_size=\u00bb18px\u00bb header_3_font_size=\u00bb35px\u00bb custom_margin=\u00bb||20px||false|false\u00bb global_colors_info=\u00bb{}\u00bb]<\/p>\n<p style=\"text-align: justify;\">Las actuaciones que lleve a cabo RUBAU TARR\u00c9S S.A.U. podr\u00e1n tener car\u00e1cter informativo y\/o divulgativo de sus servicios, considerando que la red social es un medio informativo, bajo la responsabilidad de RUBAU TARR\u00c9S S.A.U. con respecto a las publicaciones y comunicaciones que realizan por este medio digital.<\/p>\n<p>[\/et_pb_text][et_pb_text _builder_version=\u00bb4.25.2&#8243; _module_preset=\u00bbdefault\u00bb text_font_size=\u00bb18px\u00bb header_3_font_size=\u00bb35px\u00bb custom_margin=\u00bb||20px||false|false\u00bb global_colors_info=\u00bb{}\u00bb]<\/p>\n<p style=\"text-align: justify;\">Se recuerda a los usuarios que las publicaciones que realicen en las redes sociales son de su responsabilidad y hay que respetar la legislaci\u00f3n y los derechos de terceros que se puedan afectar, con especial relevancia los derechos de propiedad intelectual, de protecci\u00f3n de datos y de la propia imagen de terceros, as\u00ed como las normas de las propias redes sociales.<\/p>\n<p>[\/et_pb_text][et_pb_text _builder_version=\u00bb4.25.2&#8243; _module_preset=\u00bbdefault\u00bb text_font_size=\u00bb18px\u00bb header_3_font_size=\u00bb35px\u00bb custom_margin=\u00bb||20px||false|false\u00bb global_colors_info=\u00bb{}\u00bb]<\/p>\n<h3><strong>Propiedad industrial e intelectual<\/strong><\/h3>\n<p>[\/et_pb_text][et_pb_text _builder_version=\u00bb4.25.2&#8243; _module_preset=\u00bbdefault\u00bb text_font_size=\u00bb18px\u00bb header_3_font_size=\u00bb35px\u00bb custom_margin=\u00bb||20px||false|false\u00bb global_colors_info=\u00bb{}\u00bb]<\/p>\n<p style=\"text-align: justify;\">Esta web es propiedad de RUBAU TARR\u00c9S S.A.U. Los derechos de Propiedad Intelectual y derechos de explotaci\u00f3n y reproducci\u00f3n de esta web, de sus p\u00e1ginas, de su presencia en redes sociales, pantallas, la informaci\u00f3n que contienen, su apariencia y dise\u00f1o, as\u00ed como los v\u00ednculos (\u00abhiperlinks\u00bb) que se establezcan y se puedan establecer desde ella a otras p\u00e1ginas web de cualquier centro adscrito u organismo dependiente, son propiedad exclusiva de RUBAU TARR\u00c9S S.A.U., salvo que expresamente se especifique otra cosa.<\/p>\n<p>[\/et_pb_text][et_pb_text _builder_version=\u00bb4.25.2&#8243; _module_preset=\u00bbdefault\u00bb text_font_size=\u00bb18px\u00bb header_3_font_size=\u00bb35px\u00bb custom_margin=\u00bb||20px||false|false\u00bb global_colors_info=\u00bb{}\u00bb]<\/p>\n<p style=\"text-align: justify;\">Cualquier acto de transmisi\u00f3n, distribuci\u00f3n, cesi\u00f3n, reproducci\u00f3n, almacenamiento o comunicaci\u00f3n p\u00fablica total o parcial, debe contar con el consentimiento expreso de RUBAU TARR\u00c9S S.A.U.<\/p>\n<p>[\/et_pb_text][et_pb_text _builder_version=\u00bb4.25.2&#8243; _module_preset=\u00bbdefault\u00bb text_font_size=\u00bb18px\u00bb header_3_font_size=\u00bb35px\u00bb custom_margin=\u00bb||20px||false|false\u00bb global_colors_info=\u00bb{}\u00bb]<\/p>\n<p>Conforme a todo ello al usuario no le est\u00e1 permitido:<\/p>\n<p>[\/et_pb_text][et_pb_text _builder_version=\u00bb4.25.2&#8243; _module_preset=\u00bbdefault\u00bb text_font_size=\u00bb18px\u00bb header_3_font_size=\u00bb35px\u00bb custom_margin=\u00bb||20px||false|false\u00bb global_colors_info=\u00bb{}\u00bb]<\/p>\n<ul>\n<li style=\"text-align: justify;\">\u00b7 Reproducir, copiar, distribuir, poner a disposici\u00f3n o de cualquier otra manera comunicar p\u00fablicamente, transformar o modificar los contenidos, excepto que tenga autorizaci\u00f3n escrita y expl\u00edcita de RUBAU TARR\u00c9S S.A.U., que es titular de estos derechos, o bien que est\u00e9 legalmente permitido.<\/li>\n<\/ul>\n<p>[\/et_pb_text][et_pb_text _builder_version=\u00bb4.25.2&#8243; _module_preset=\u00bbdefault\u00bb text_font_size=\u00bb18px\u00bb header_3_font_size=\u00bb35px\u00bb custom_margin=\u00bb||20px||false|false\u00bb global_colors_info=\u00bb{}\u00bb]<\/p>\n<ul>\n<li style=\"text-align: justify;\">\u00b7 Suprimir, manipular o de cualquier manera alterar el \u00abcopyright\u00bb y otros datos identificativos de la reserva de derechos de RUBAU TARR\u00c9S S.A.U. o de sus titulares, de las huellas y\/o identificadores digitales, marcas de agua o cualquier otro medio t\u00e9cnico establecidos para su reconocimiento.<\/li>\n<\/ul>\n<p>[\/et_pb_text][et_pb_text _builder_version=\u00bb4.25.2&#8243; _module_preset=\u00bbdefault\u00bb text_font_size=\u00bb18px\u00bb header_3_font_size=\u00bb35px\u00bb custom_margin=\u00bb||20px||false|false\u00bb global_colors_info=\u00bb{}\u00bb]<\/p>\n<p style=\"text-align: justify;\">Cualquier denominaci\u00f3n, dise\u00f1o y\/o logotipos, as\u00ed como cualquier servicio ofrecido y reflejado en esta p\u00e1gina web quedan bajo la propiedad industrial de RUBAU TARR\u00c9S S.A.U.<\/p>\n<p>[\/et_pb_text][et_pb_text _builder_version=\u00bb4.25.2&#8243; _module_preset=\u00bbdefault\u00bb text_font_size=\u00bb18px\u00bb header_3_font_size=\u00bb35px\u00bb custom_margin=\u00bb||20px||false|false\u00bb global_colors_info=\u00bb{}\u00bb]<\/p>\n<p style=\"text-align: justify;\">Cualquier uso indebido de las mismas por personas distintas de su leg\u00edtimo titular y sin el consentimiento expreso e inequ\u00edvoco por parte de \u00e9ste, podr\u00e1 ser denunciado y perseguido a trav\u00e9s de todos los medios legales existentes en el Ordenamiento Jur\u00eddico espa\u00f1ol y\/o comunitario.<\/p>\n<p>[\/et_pb_text][et_pb_text _builder_version=\u00bb4.25.2&#8243; _module_preset=\u00bbdefault\u00bb text_font_size=\u00bb18px\u00bb header_3_font_size=\u00bb35px\u00bb custom_margin=\u00bb||20px||false|false\u00bb global_colors_info=\u00bb{}\u00bb]<\/p>\n<p style=\"text-align: justify;\">Se considerar\u00e1n actitudes indebidas en la p\u00e1gina web y redes sociales para los usuarios:<\/p>\n<p>[\/et_pb_text][et_pb_text _builder_version=\u00bb4.25.2&#8243; _module_preset=\u00bbdefault\u00bb text_font_size=\u00bb18px\u00bb header_3_font_size=\u00bb35px\u00bb custom_margin=\u00bb||20px||false|false\u00bb global_colors_info=\u00bb{}\u00bb]<\/p>\n<ul>\n<li style=\"text-align: justify;\">\u00b7 Difundir, transmitir contenidos o materiales obscenos, as\u00ed como ir en contra de los Derechos Fundamentales de las personas.<\/li>\n<\/ul>\n<p>[\/et_pb_text][et_pb_text _builder_version=\u00bb4.25.2&#8243; _module_preset=\u00bbdefault\u00bb text_font_size=\u00bb18px\u00bb header_3_font_size=\u00bb35px\u00bb custom_margin=\u00bb||20px||false|false\u00bb global_colors_info=\u00bb{}\u00bb]<\/p>\n<ul>\n<li style=\"text-align: justify;\">\u00b7 Utilizar lenguaje difamatorio, degradante o abusivo (espec\u00edfico comportamiento indebido en redes sociales, incluido el uso de im\u00e1genes publicadas en la web, vocabulario y relaci\u00f3n con otros usuarios o con RUBAU TARR\u00c9S S.A.U.).<\/li>\n<\/ul>\n<p>[\/et_pb_text][et_pb_text _builder_version=\u00bb4.25.2&#8243; _module_preset=\u00bbdefault\u00bb text_font_size=\u00bb18px\u00bb header_3_font_size=\u00bb35px\u00bb custom_margin=\u00bb||20px||false|false\u00bb global_colors_info=\u00bb{}\u00bb]<\/p>\n<p style=\"text-align: justify;\">Los derechos de propiedad intelectual y marcas de terceros est\u00e1n destacados convenientemente y deben ser respetados por todo aquel que acceda a esta p\u00e1gina, no siendo responsabilidad de RUBAU TARR\u00c9S S.A.U. el uso que el usuario pueda llevar a cabo al respecto, recayendo la responsabilidad exclusiva en su persona.<\/p>\n<p>[\/et_pb_text][et_pb_text _builder_version=\u00bb4.25.2&#8243; _module_preset=\u00bbdefault\u00bb text_font_size=\u00bb18px\u00bb header_3_font_size=\u00bb35px\u00bb custom_margin=\u00bb||20px||false|false\u00bb global_colors_info=\u00bb{}\u00bb]<\/p>\n<p style=\"text-align: justify;\">S\u00f3lo para uso personal y privado se permite descargar los contenidos, copiar o imprimir cualquier p\u00e1gina de esta web y redes sociales. Queda prohibido reproducir, transmitir, modificar o suprimir la informaci\u00f3n, contenido o advertencias de esta web sin la previa autorizaci\u00f3n por escrito de RUBAU TARR\u00c9S S.A.U.<\/p>\n<p>[\/et_pb_text][et_pb_text _builder_version=\u00bb4.25.2&#8243; _module_preset=\u00bbdefault\u00bb text_font_size=\u00bb18px\u00bb header_3_font_size=\u00bb35px\u00bb custom_margin=\u00bb||20px||false|false\u00bb global_colors_info=\u00bb{}\u00bb]<\/p>\n<p style=\"text-align: justify;\">RUBAU TARR\u00c9S S.A.U. no transfiere a los usuarios la propiedad de sus aplicaciones (software). Es el usuario el propietario del soporte en el que el software puede ser grabado. RUBAU TARR\u00c9S S.A.U. posee todos los derechos de propiedad industrial e intelectual, incluyendo el software. Si el usuario transfiere aplicaciones de esta p\u00e1gina web a su terminal, no podr\u00e1 diseccionar por su estudio y descompilar, traducir la versi\u00f3n del c\u00f3digo objeto original o su lenguaje a otro c\u00f3digo o lenguaje.<\/p>\n<p>[\/et_pb_text][et_pb_text _builder_version=\u00bb4.25.2&#8243; _module_preset=\u00bbdefault\u00bb text_font_size=\u00bb18px\u00bb header_3_font_size=\u00bb35px\u00bb custom_margin=\u00bb||20px||false|false\u00bb global_colors_info=\u00bb{}\u00bb]<\/p>\n<p style=\"text-align: justify;\">Del mismo modo se reserva el derecho a retirar el acceso a la p\u00e1gina web, sin necesidad de previo aviso, a cualquier usuario que contravenga lo dispuesto en este Aviso Legal.<\/p>\n<p>[\/et_pb_text][et_pb_text _builder_version=\u00bb4.25.2&#8243; _module_preset=\u00bbdefault\u00bb text_font_size=\u00bb18px\u00bb header_3_font_size=\u00bb35px\u00bb custom_margin=\u00bb||20px||false|false\u00bb global_colors_info=\u00bb{}\u00bb]<\/p>\n<h3><strong>Modificaci\u00f3n de las condiciones<\/strong><\/h3>\n<p>[\/et_pb_text][et_pb_text _builder_version=\u00bb4.25.2&#8243; _module_preset=\u00bbdefault\u00bb text_font_size=\u00bb18px\u00bb header_3_font_size=\u00bb35px\u00bb custom_margin=\u00bb||20px||false|false\u00bb global_colors_info=\u00bb{}\u00bb]<\/p>\n<p style=\"text-align: justify;\">RUBAU TARR\u00c9S S.A.U. se reserva expresamente el derecho a modificar unilateralmente, total o parcialmente, sin necesidad de aviso previo, el presente Aviso Legal.<\/p>\n<p>[\/et_pb_text][et_pb_text _builder_version=\u00bb4.25.2&#8243; _module_preset=\u00bbdefault\u00bb text_font_size=\u00bb18px\u00bb header_3_font_size=\u00bb35px\u00bb custom_margin=\u00bb||20px||false|false\u00bb global_colors_info=\u00bb{}\u00bb]<\/p>\n<p style=\"text-align: justify;\">Sin embargo; el usuario reconoce y acepta que es responsabilidad suya, la revisi\u00f3n peri\u00f3dica del presente documento.<\/p>\n<p>[\/et_pb_text][\/et_pb_column][et_pb_column type=\u00bb1_4&#8243; _builder_version=\u00bb4.25.2&#8243; _module_preset=\u00bbdefault\u00bb global_colors_info=\u00bb{}\u00bb][\/et_pb_column][\/et_pb_row][\/et_pb_section]<\/p>\n","protected":false},"excerpt":{"rendered":"<p>Aviso legalLey aplicable y jurisdicci\u00f3nLas presentes condiciones generales se rigen por la Legislaci\u00f3n Espa\u00f1ola vigente, siendo competentes los Juzgados y Tribunales espa\u00f1oles para conocer de cuantas cuestiones se susciten sobre la interpretaci\u00f3n, aplicaci\u00f3n y cumplimiento de las mismas, as\u00ed como de las reclamaciones que puedan derivarse de su uso.Las partes que intervienen renuncian expresamente a la jurisdicci\u00f3n que les puede corresponder y se someten expresamente a los Juzgados y Tribunales de Sabadell para resolver cualquier controversia que pueda surgir en la interpretaci\u00f3n ejecuci\u00f3n de las presentes condiciones contractuales.El usuario, en virtud de su aceptaci\u00f3n a las condiciones generales recogidas en este Aviso Legal, renuncia expresamente a cualquier fuero que, por aplicaci\u00f3n de la Ley de Enjuiciamiento Civil vigente le corresponda.Datos identificativos de la titularidad del sitio webEn cumplimiento del deber de informaci\u00f3n legal estipulado en la Ley de Servicios de la Sociedad de la Informaci\u00f3n y de Comercio Electr\u00f3nico (LSSII) y de acuerdo con las obligaciones previstas en la Ley 34\/2002, de Servicios de la Sociedad de la Informaci\u00f3n y de Comercio Electr\u00f3nico (en adelante LSSI), manifiesta los siguientes datos identificativos:Propiedad: RUBAU TARR\u00c9S S.A.U.CIF: A-17018813Direcci\u00f3n postal: Ctra. C-31 de Torroella de Montgr\u00ed a Verges, pk. 354,5 (Canet de La Tallada) [&hellip;]<\/p>\n","protected":false},"author":2,"featured_media":0,"parent":0,"menu_order":0,"comment_status":"closed","ping_status":"closed","template":"","meta":{"_acf_changed":false,"_et_pb_use_builder":"on","_et_pb_old_content":"","_et_gb_content_width":"","footnotes":""},"class_list":["post-620","page","type-page","status-publish","hentry"],"acf":[],"yoast_head":"<!-- This site is optimized with the Yoast SEO plugin v27.4 - https:\/\/yoast.com\/product\/yoast-seo-wordpress\/ -->\n<title>Aviso legal - Rubau Tarr\u00e8s<\/title>\n<meta name=\"robots\" content=\"index, follow, max-snippet:-1, max-image-preview:large, max-video-preview:-1\" \/>\n<link rel=\"canonical\" href=\"https:\/\/rubautarres.com\/es\/aviso-legal\/\" \/>\n<meta property=\"og:locale\" content=\"es_ES\" \/>\n<meta property=\"og:type\" content=\"article\" \/>\n<meta property=\"og:title\" content=\"Aviso legal - Rubau Tarr\u00e8s\" \/>\n<meta property=\"og:description\" content=\"Aviso legalLey aplicable y jurisdicci\u00f3nLas presentes condiciones generales se rigen por la Legislaci\u00f3n Espa\u00f1ola vigente, siendo competentes los Juzgados y Tribunales espa\u00f1oles para conocer de cuantas cuestiones se susciten sobre la interpretaci\u00f3n, aplicaci\u00f3n y cumplimiento de las mismas, as\u00ed como de las reclamaciones que puedan derivarse de su uso.Las partes que intervienen renuncian expresamente a la jurisdicci\u00f3n que les puede corresponder y se someten expresamente a los Juzgados y Tribunales de Sabadell para resolver cualquier controversia que pueda surgir en la interpretaci\u00f3n ejecuci\u00f3n de las presentes condiciones contractuales.El usuario, en virtud de su aceptaci\u00f3n a las condiciones generales recogidas en este Aviso Legal, renuncia expresamente a cualquier fuero que, por aplicaci\u00f3n de la Ley de Enjuiciamiento Civil vigente le corresponda.Datos identificativos de la titularidad del sitio webEn cumplimiento del deber de informaci\u00f3n legal estipulado en la Ley de Servicios de la Sociedad de la Informaci\u00f3n y de Comercio Electr\u00f3nico (LSSII) y de acuerdo con las obligaciones previstas en la Ley 34\/2002, de Servicios de la Sociedad de la Informaci\u00f3n y de Comercio Electr\u00f3nico (en adelante LSSI), manifiesta los siguientes datos identificativos:Propiedad: RUBAU TARR\u00c9S S.A.U.CIF: A-17018813Direcci\u00f3n postal: Ctra. C-31 de Torroella de Montgr\u00ed a Verges, pk. 354,5 (Canet de La Tallada) [&hellip;]\" \/>\n<meta property=\"og:url\" content=\"https:\/\/rubautarres.com\/es\/aviso-legal\/\" \/>\n<meta property=\"og:site_name\" content=\"Rubau Tarr\u00e8s\" \/>\n<meta property=\"article:publisher\" content=\"https:\/\/www.facebook.com\/RubauTarresSAU\" \/>\n<meta property=\"article:modified_time\" content=\"2025-02-06T14:22:48+00:00\" \/>\n<meta name=\"twitter:card\" content=\"summary_large_image\" \/>\n<meta name=\"twitter:site\" content=\"@rubautarres\" \/>\n<meta name=\"twitter:label1\" content=\"Tiempo de lectura\" \/>\n\t<meta name=\"twitter:data1\" content=\"10 minutos\" \/>\n<script type=\"application\/ld+json\" class=\"yoast-schema-graph\">{\"@context\":\"https:\\\/\\\/schema.org\",\"@graph\":[{\"@type\":\"WebPage\",\"@id\":\"https:\\\/\\\/rubautarres.com\\\/es\\\/aviso-legal\\\/\",\"url\":\"https:\\\/\\\/rubautarres.com\\\/es\\\/aviso-legal\\\/\",\"name\":\"Aviso legal - Rubau Tarr\u00e8s\",\"isPartOf\":{\"@id\":\"https:\\\/\\\/rubautarres.com\\\/es\\\/#website\"},\"datePublished\":\"2024-07-07T13:05:03+00:00\",\"dateModified\":\"2025-02-06T14:22:48+00:00\",\"breadcrumb\":{\"@id\":\"https:\\\/\\\/rubautarres.com\\\/es\\\/aviso-legal\\\/#breadcrumb\"},\"inLanguage\":\"es\",\"potentialAction\":[{\"@type\":\"ReadAction\",\"target\":[\"https:\\\/\\\/rubautarres.com\\\/es\\\/aviso-legal\\\/\"]}]},{\"@type\":\"BreadcrumbList\",\"@id\":\"https:\\\/\\\/rubautarres.com\\\/es\\\/aviso-legal\\\/#breadcrumb\",\"itemListElement\":[{\"@type\":\"ListItem\",\"position\":1,\"name\":\"Portada\",\"item\":\"https:\\\/\\\/rubautarres.com\\\/es\\\/\"},{\"@type\":\"ListItem\",\"position\":2,\"name\":\"Aviso legal\"}]},{\"@type\":\"WebSite\",\"@id\":\"https:\\\/\\\/rubautarres.com\\\/es\\\/#website\",\"url\":\"https:\\\/\\\/rubautarres.com\\\/es\\\/\",\"name\":\"Rubau Tarr\u00e8s\",\"description\":\"Nosaltres constru\u00efm perqu\u00e8 tu avancis\",\"publisher\":{\"@id\":\"https:\\\/\\\/rubautarres.com\\\/es\\\/#organization\"},\"potentialAction\":[{\"@type\":\"SearchAction\",\"target\":{\"@type\":\"EntryPoint\",\"urlTemplate\":\"https:\\\/\\\/rubautarres.com\\\/es\\\/?s={search_term_string}\"},\"query-input\":{\"@type\":\"PropertyValueSpecification\",\"valueRequired\":true,\"valueName\":\"search_term_string\"}}],\"inLanguage\":\"es\"},{\"@type\":\"Organization\",\"@id\":\"https:\\\/\\\/rubautarres.com\\\/es\\\/#organization\",\"name\":\"Rubau Tarr\u00e8s\",\"url\":\"https:\\\/\\\/rubautarres.com\\\/es\\\/\",\"logo\":{\"@type\":\"ImageObject\",\"inLanguage\":\"es\",\"@id\":\"https:\\\/\\\/rubautarres.com\\\/es\\\/#\\\/schema\\\/logo\\\/image\\\/\",\"url\":\"https:\\\/\\\/rubautarres.com\\\/wp-content\\\/uploads\\\/2024\\\/06\\\/logo.png\",\"contentUrl\":\"https:\\\/\\\/rubautarres.com\\\/wp-content\\\/uploads\\\/2024\\\/06\\\/logo.png\",\"width\":780,\"height\":144,\"caption\":\"Rubau Tarr\u00e8s\"},\"image\":{\"@id\":\"https:\\\/\\\/rubautarres.com\\\/es\\\/#\\\/schema\\\/logo\\\/image\\\/\"},\"sameAs\":[\"https:\\\/\\\/www.facebook.com\\\/RubauTarresSAU\",\"https:\\\/\\\/x.com\\\/rubautarres\"]}]}<\/script>\n<!-- \/ Yoast SEO plugin. -->","yoast_head_json":{"title":"Aviso legal - Rubau Tarr\u00e8s","robots":{"index":"index","follow":"follow","max-snippet":"max-snippet:-1","max-image-preview":"max-image-preview:large","max-video-preview":"max-video-preview:-1"},"canonical":"https:\/\/rubautarres.com\/es\/aviso-legal\/","og_locale":"es_ES","og_type":"article","og_title":"Aviso legal - Rubau Tarr\u00e8s","og_description":"Aviso legalLey aplicable y jurisdicci\u00f3nLas presentes condiciones generales se rigen por la Legislaci\u00f3n Espa\u00f1ola vigente, siendo competentes los Juzgados y Tribunales espa\u00f1oles para conocer de cuantas cuestiones se susciten sobre la interpretaci\u00f3n, aplicaci\u00f3n y cumplimiento de las mismas, as\u00ed como de las reclamaciones que puedan derivarse de su uso.Las partes que intervienen renuncian expresamente a la jurisdicci\u00f3n que les puede corresponder y se someten expresamente a los Juzgados y Tribunales de Sabadell para resolver cualquier controversia que pueda surgir en la interpretaci\u00f3n ejecuci\u00f3n de las presentes condiciones contractuales.El usuario, en virtud de su aceptaci\u00f3n a las condiciones generales recogidas en este Aviso Legal, renuncia expresamente a cualquier fuero que, por aplicaci\u00f3n de la Ley de Enjuiciamiento Civil vigente le corresponda.Datos identificativos de la titularidad del sitio webEn cumplimiento del deber de informaci\u00f3n legal estipulado en la Ley de Servicios de la Sociedad de la Informaci\u00f3n y de Comercio Electr\u00f3nico (LSSII) y de acuerdo con las obligaciones previstas en la Ley 34\/2002, de Servicios de la Sociedad de la Informaci\u00f3n y de Comercio Electr\u00f3nico (en adelante LSSI), manifiesta los siguientes datos identificativos:Propiedad: RUBAU TARR\u00c9S S.A.U.CIF: A-17018813Direcci\u00f3n postal: Ctra. C-31 de Torroella de Montgr\u00ed a Verges, pk. 354,5 (Canet de La Tallada) [&hellip;]","og_url":"https:\/\/rubautarres.com\/es\/aviso-legal\/","og_site_name":"Rubau Tarr\u00e8s","article_publisher":"https:\/\/www.facebook.com\/RubauTarresSAU","article_modified_time":"2025-02-06T14:22:48+00:00","twitter_card":"summary_large_image","twitter_site":"@rubautarres","twitter_misc":{"Tiempo de lectura":"10 minutos"},"schema":{"@context":"https:\/\/schema.org","@graph":[{"@type":"WebPage","@id":"https:\/\/rubautarres.com\/es\/aviso-legal\/","url":"https:\/\/rubautarres.com\/es\/aviso-legal\/","name":"Aviso legal - Rubau Tarr\u00e8s","isPartOf":{"@id":"https:\/\/rubautarres.com\/es\/#website"},"datePublished":"2024-07-07T13:05:03+00:00","dateModified":"2025-02-06T14:22:48+00:00","breadcrumb":{"@id":"https:\/\/rubautarres.com\/es\/aviso-legal\/#breadcrumb"},"inLanguage":"es","potentialAction":[{"@type":"ReadAction","target":["https:\/\/rubautarres.com\/es\/aviso-legal\/"]}]},{"@type":"BreadcrumbList","@id":"https:\/\/rubautarres.com\/es\/aviso-legal\/#breadcrumb","itemListElement":[{"@type":"ListItem","position":1,"name":"Portada","item":"https:\/\/rubautarres.com\/es\/"},{"@type":"ListItem","position":2,"name":"Aviso legal"}]},{"@type":"WebSite","@id":"https:\/\/rubautarres.com\/es\/#website","url":"https:\/\/rubautarres.com\/es\/","name":"Rubau Tarr\u00e8s","description":"Nosaltres constru\u00efm perqu\u00e8 tu avancis","publisher":{"@id":"https:\/\/rubautarres.com\/es\/#organization"},"potentialAction":[{"@type":"SearchAction","target":{"@type":"EntryPoint","urlTemplate":"https:\/\/rubautarres.com\/es\/?s={search_term_string}"},"query-input":{"@type":"PropertyValueSpecification","valueRequired":true,"valueName":"search_term_string"}}],"inLanguage":"es"},{"@type":"Organization","@id":"https:\/\/rubautarres.com\/es\/#organization","name":"Rubau Tarr\u00e8s","url":"https:\/\/rubautarres.com\/es\/","logo":{"@type":"ImageObject","inLanguage":"es","@id":"https:\/\/rubautarres.com\/es\/#\/schema\/logo\/image\/","url":"https:\/\/rubautarres.com\/wp-content\/uploads\/2024\/06\/logo.png","contentUrl":"https:\/\/rubautarres.com\/wp-content\/uploads\/2024\/06\/logo.png","width":780,"height":144,"caption":"Rubau Tarr\u00e8s"},"image":{"@id":"https:\/\/rubautarres.com\/es\/#\/schema\/logo\/image\/"},"sameAs":["https:\/\/www.facebook.com\/RubauTarresSAU","https:\/\/x.com\/rubautarres"]}]}},"_links":{"self":[{"href":"https:\/\/rubautarres.com\/es\/wp-json\/wp\/v2\/pages\/620","targetHints":{"allow":["GET"]}}],"collection":[{"href":"https:\/\/rubautarres.com\/es\/wp-json\/wp\/v2\/pages"}],"about":[{"href":"https:\/\/rubautarres.com\/es\/wp-json\/wp\/v2\/types\/page"}],"author":[{"embeddable":true,"href":"https:\/\/rubautarres.com\/es\/wp-json\/wp\/v2\/users\/2"}],"replies":[{"embeddable":true,"href":"https:\/\/rubautarres.com\/es\/wp-json\/wp\/v2\/comments?post=620"}],"version-history":[{"count":1,"href":"https:\/\/rubautarres.com\/es\/wp-json\/wp\/v2\/pages\/620\/revisions"}],"predecessor-version":[{"id":3492,"href":"https:\/\/rubautarres.com\/es\/wp-json\/wp\/v2\/pages\/620\/revisions\/3492"}],"wp:attachment":[{"href":"https:\/\/rubautarres.com\/es\/wp-json\/wp\/v2\/media?parent=620"}],"curies":[{"name":"wp","href":"https:\/\/api.w.org\/{rel}","templated":true}]}}